{"id":3783,"date":"2020-05-15T17:22:16","date_gmt":"2020-05-15T17:22:16","guid":{"rendered":"https:\/\/mylifeineurope.nkey.it\/partners\/"},"modified":"2023-01-12T14:14:21","modified_gmt":"2023-01-12T14:14:21","slug":"biografie-parteneri","status":"publish","type":"page","link":"https:\/\/www.mylifeineurope.nkey.it\/ro\/biografie-parteneri\/","title":{"rendered":"BIOGRAFIE PARTENERI"},"content":{"rendered":"<p>[vc_row full_width=&#8221;stretch_row_content_no_spaces&#8221;][vc_column]\t\n\t\t<section class=\"page-title text-center\" style=\"background-image: url(https:\/\/www.mylifeineurope.nkey.it\/wp-content\/uploads\/2021\/04\/slide-genericaR-8.jpg);\">\n\t\t\t<div class=\"container relative clearfix\">\n\t\t\t\t<div class=\"title-holder\">\n\t\t\t\t\t<div class=\"title-text\">\n\t\t\t\t\t\t<h1 class=\"uppercase entry-title titolo-nero\">BIOGRAFIE PARTENERI<\/h1>\n\t\t\t\t\t\t\t\t\t\t\t<\/div>\n\t\t\t\t<\/div>\n\t\t\t<\/div>\n\t\t<\/section><!-- end page title -->\n\t\t\n\t[\/vc_column][\/vc_row][vc_section full_width=&#8221;stretch_row&#8221; css=&#8221;.vc_custom_1616756744010{background-color: #f7f7f7 !important;}&#8221;][vc_row gap=&#8221;35&#8243; equal_height=&#8221;yes&#8221;][vc_column width=&#8221;1\/2&#8243; css=&#8221;.vc_custom_1616757767768{padding: 50px !important;background-color: #ffffff !important;}&#8221;][vc_single_image image=&#8221;2463&#8243; img_size=&#8221;full&#8221;][vc_column_text el_class=&#8221;text-just&#8221;]<span lang=\"ro-RO\">NKey srl are sediul \u00een Santa Croce sull\u2019Arno, un ora\u0219 mic din centrul Toscanei, la jum\u0103tatea drumului dintre Pisa \u0219i Floren\u021ba, \u00eentr-o zon\u0103 puternic industrializat\u0103. A fost \u00eenfiin\u021bat\u0103 \u0219i dezvoltat\u0103 ca o companie expert\u0103 \u0219i calificat\u0103 \u00een domeniul IT \u0219i \u00een cercetarea \u0219i dezvoltarea serviciilor \u0219i sistemelor integrate pentru inova\u021bia \u00een afaceri. Serviciile \u0219i produsele includ: dezvoltarea \u0219i managementul aplica\u021biilor, informa\u021bie, analiz\u0103, simplificare, agregare, certificarea securit\u0103\u021bii, cercetare \u0219i adoptare de noi tehnologii \u00een informa\u021bie \u0219i comunicare. Pasiunea pentru cercetarea \u0219i dezvoltarea continu\u0103 a dus la l\u0103rgirea orizonturilor pentru NKey \u0219i implicarea \u00een domeniul VET, dedicat ini\u021bial companiilor \u0219i angaja\u021bilor lor, iar mai apoi oamenilor obi\u0219nui\u021bi, at\u00e2t tineri, c\u00e2t \u0219i studen\u021bi sau adul\u021bi. Datorit\u0103 experien\u021bei \u0219i voca\u021biei pentru formare dob\u00e2ndite, NKey a \u00eenceput s\u0103 colaboreze cu institu\u021bii publice, agen\u021bii de formare \u0219i recrutare, municipii sau \u0219coli. Ast\u0103zi, NKey este un centru de formare recunoscut \u00een domeniile IT, design grafic \u0219i web, limbi str\u0103ine sau limba italian\u0103, pentru studen\u021bii str\u0103ini. Nkey organizeaz\u0103 cursuri de IT, inclusiv pentru examenul pentru Permisul European de Conducere al Calculatorului (ECDL-ICDL), \u0219i cursuri de limb\u0103 pentru tineri \u0219i adul\u021bi, at\u00e2t intern c\u00e2t \u0219i colabor\u00e2nd cu institu\u021bii publice, municipii sau \u0219coli voca\u021bionale \u0219i de plasare \u00een c\u00e2mpul de munc\u0103. De la \u00eenceputul activit\u0103\u021bi de formare, NKey a oferit aten\u021bie deosebit\u0103 accesibilit\u0103\u021bii tehnologiei \u0219i a colaborat cu Funda\u021bia ASPHI din Bologna \u2013 exper\u021bi \u00een domeniu \u0219i parteneri \u00een acest proiect \u2013 un interlocutor ideal datorit\u0103 c\u0103ruia au reu\u0219it s\u0103 \u00ee\u0219i <\/span><span lang=\"ro-RO\">adapteze oferta de cursuri de formare la c\u00e2t mai mul\u021bi oameni. \u00cencep\u00e2nd cu 2010, NKey a participat la numeroase proiecte europene, at\u00e2t ca partener de \u00eencredere, c\u00e2t \u0219i ca lider. Ast\u0103zi, NKey este o structur\u0103 flexibil\u0103 cu o re\u021bea vast\u0103 de colaboratori, locali \u0219i interna\u021bionali, capabili s\u0103 ofere sprijin, asisten\u021b\u0103 \u0219i expertiz\u0103 at\u00e2t \u00een domeniul tehnologic, c\u00e2t \u0219i \u00een ceea ce prive\u0219te elborarea \u0219i desf\u0103\u0219urarea proiectele Erasmus+.<\/span>[\/vc_column_text][\/vc_column][vc_column width=&#8221;1\/2&#8243; css=&#8221;.vc_custom_1616757866093{padding: 50px !important;background-color: #ffffff !important;}&#8221;][vc_single_image image=&#8221;2461&#8243; img_size=&#8221;full&#8221;][vc_column_text el_class=&#8221;text-just&#8221;]<span lang=\"ro-RO\">CEBS \u2013 Centrul de Educa\u021bie \u0219i Cercetare Social\u0103 este o asocia\u021bie non-profit. Misiunea lor este s\u0103 sprijine dezvoltarea societ\u0103\u021bii civile \u0219i a educa\u021biei, \u0219i s\u0103 promoveze antreprenoriatul, cu accent deosebit pe grupurile vulnerabile la riscuri sociale \u0219i economice, sau la excluderea interpersonal\u0103. CEBS este o ini\u021biativ\u0103 a unor exper\u021bi \u00een \u0219tiin\u021bele sociale, n\u0103scut\u0103 pentru a oferi un r\u0103spuns adecvat nevoilor educa\u021bionale ale tinerilor \u0219i adul\u021bilor. Expertiza echipei permite o analiz\u0103 complet\u0103 a nevoilor educa\u021bionale prin aplicarea a diverse metode de cercetare, dar \u0219i faciliteaz\u0103 satisfacerea lor \u00eentr-un mod profesional. Promov\u0103m educa\u021bia angaja\u021bilor, a \u0219omerilor, precum \u0219i a tinerilor care \u00ee\u0219i caut\u0103 un loc de munc\u0103. CEBS are la baz\u0103 metode didactice noi \u0219i solu\u021bii ICT inovatoare, pe care le aplic\u0103 \u00een domeniul educa\u021biei \u0219i \u00een activitatea de formare. CEBS promoveaz\u0103 activit\u0103\u021bile de voluntariat pentru toate categoriile de v\u00e2rst\u0103 \u0219i implic\u0103 voluntari \u00een proiectele \u0219i activit\u0103\u021bile asocia\u021biei, cu scopul de a cre\u0219te gradul de con\u0219tientizare a cet\u0103\u021beniei <\/span><span lang=\"ro-RO\">active \u0219i a promova participarea activ\u0103 la via\u021ba social\u0103. Este alc\u0103tuit\u0103 din 15 membri permanen\u021bi (cercet\u0103tori, speciali\u0219ti \u00een rela\u021bii europene, profesori universitari \u0219i speciali\u0219ti \u00een social media \u0219i ICT), dintre care 10 sunt angaja\u021bi. De cinci ani, CEBS ofer\u0103 informa\u021bii complexe \u00een chestiuni legate de Uniunea European\u0103 \u0219i institu\u021biile sale, \u0219i promoveaz\u0103 proiectele \u0219i politicile europene. Aceast\u0103 diseminare de informa\u021bii are loc sub diverse forme, prin sesiuni de consiliere individuale, dar \u0219i prin intermediul web \u0219i social media, presa local\u0103 \u0219i prin activit\u0103\u021bi de formare de competen\u021be educa\u021bionale \u0219i sociale. <\/span><\/p>\n<p><span lang=\"ro-RO\">Principalul aspect al educa\u021biei adul\u021bilor este <\/span><span lang=\"ro-RO\">dezvoltarea competen\u021belor civice \u0219i sociale, cu accent pe educa\u021bia european\u0103. Prin activit\u0103\u021bile implementate \u00eempreun\u0103 cu Centrul de Informa\u021bii Europe Direct, CEBS sus\u021bine cursuri de formare \u0219i evenimente pentru diverse categorii de popula\u021bie, dar \u00een primul r\u00e2nd pentru adul\u021bi. Cursurile de formare organizate sunt pe teme de implicare civic\u0103, precum: implicarea cet\u0103\u021benilor \u00een consult\u0103ri publice, democra\u021bia \u00een Europa, institu\u021biile europene, alegerile europene, consiliere pe domenii specifice sau cet\u0103\u021benie activ\u0103, printre altele.<\/span><\/p>\n<p><span lang=\"ro-RO\">\u00cencep\u00e2nd cu anul 2013, CEBS a implementat peste 80 de cursuri diferite, fiecare dedicat unor anumite nevoi ale participan\u021bilor. Mai mult dec\u00e2t at\u00e2t, a organizat activit\u0103\u021bi bazate pe educa\u021bie non-formal\u0103, precum jocuri \u00een ora\u0219 sau happening-uri.<\/span>[\/vc_column_text][\/vc_column][\/vc_row][vc_row gap=&#8221;35&#8243; equal_height=&#8221;yes&#8221;][vc_column width=&#8221;1\/2&#8243; css=&#8221;.vc_custom_1616757767768{padding: 50px !important;background-color: #ffffff !important;}&#8221;][vc_single_image image=&#8221;2462&#8243; img_size=&#8221;full&#8221;][vc_column_text el_class=&#8221;text-just&#8221;]<span lang=\"ro-RO\">Misiunea Universit\u0103\u021bii Libere de Autobiografie din Anghiari este s\u0103 promoveze \u0219i s\u0103 ofere cursuri de formare celor care vor s\u0103 se dedice studiului teoretic \u0219i metodologic al pove\u0219tilor de via\u021b\u0103 \u2013 proprii sau ale altora \u2013 cu scopuri educative, sociale, terapeutice \u0219i culturale. \u00cenc\u0103 din 1999,<\/span><span lang=\"ro-RO\"> organizeaz\u0103, <\/span><span lang=\"ro-RO\">\u00eempreun\u0103 cu \u0218coala <\/span><span lang=\"ro-RO\">Mnemosyne de scriere biografic\u0103 \u0219i autobiografic\u0103, evenimente culturale \u0219i de cercetare, pentru a valoriza educa\u021bia \u00een domeniul memoriei \u0219i al autobiografiei.<\/span>[\/vc_column_text][\/vc_column][vc_column width=&#8221;1\/2&#8243; css=&#8221;.vc_custom_1616757866093{padding: 50px !important;background-color: #ffffff !important;}&#8221;][vc_single_image image=&#8221;2460&#8243; img_size=&#8221;full&#8221;][vc_column_text el_class=&#8221;text-just&#8221;]<span lang=\"ro-RO\">Funda\u021bia ASPHI Onlus este o organiza\u021bie non-profit italian\u0103, care activeaz\u0103 din 1980 \u0219i a c\u0103rei misiunea este aceea de a sus\u021bine persoanele cu dizabilit\u0103\u021bi la \u0219coal\u0103, \u00een c\u00e2mpul de munc\u0103 \u0219i \u00een societate, folosind tehnologii din domeniile informa\u021biei \u0219i comunic\u0103rii.<\/span><\/p>\n<p><span lang=\"ro-RO\">Activitatea noastr\u0103 include programe de cercetare \u0219i inovare, dezvoltarea de hardware \u0219i software pentru persoane cu nevoi speciale, precum \u0219i formare profesional\u0103 sau servicii de consultan\u021b\u0103. Suntem activi \u00een domeniul accesibilit\u0103\u021bii ICT: suntem implica\u021bi \u00een comisii ministeriale care propun legi pe acest subiect \u0219i suntem acredita\u021bi ca evaluatori \u00een domeniul <\/span><span lang=\"ro-RO\">accesibilit\u0103\u021bii sistemelor informatice. Colabor\u0103m cu un num\u0103r de ministere (\u00een particular Ministerul Educa\u021biei, Universit\u0103\u021bilor \u0219i Cercet\u0103rii \u0219i Ministerul Muncii \u0219i Politicilor Sociale), particip\u0103m \u00een Observatorul Na\u021bional pentru Dizabilit\u0103\u021bi \u0219i cooper\u0103m \u00een proiecte de cercetare cu universit\u0103\u021bi \u0219i institu\u021bii (printre care: Universitatea Bologna, Politehnica din Torino, Politehnica din Milano, Universitatea din Milano-Bicocca, Universitatea Sapienza din Roma).<\/span><\/p>\n<p><span lang=\"ro-RO\">Pentru AICA (Asocia\u021bia Italian\u0103 de Informatic\u0103 \u0219i Calcul Automat), ASPHI este entitatea na\u021bional\u0103 de referin\u021b\u0103 care ofer\u0103 consiliere \u00een privin\u021ba ob\u021binerii certificatelor IT pentru candida\u021bii cu dizabilit\u0103\u021bi. Suntem de asemenea implica\u021bi \u00een mai multe ini\u021biative menite s\u0103 sporeasc\u0103 gradul de con\u0219tientizare a rolului pe care tehnologia digital\u0103 \u00eel poate avea pentru a \u00eembun\u0103t\u0103\u021bii situa\u021bia persoanelor cu dizabilit\u0103\u021bi: particip\u0103m la conferin\u021be \u0219i evenimente \u0219i organiz\u0103m Handimatica, o expozi\u021bie-conferin\u021b\u0103 cu participan\u021bi din \u00eentreaga Italie, care reune\u0219te furnizori de solu\u021bii din mai multe domenii: persoane cu dizabilit\u0103\u021bi, cercetare academic\u0103 \u0219i aplicat\u0103, schimb de experien\u021b\u0103, ateliere educa\u021bionale.<\/span>[\/vc_column_text][\/vc_column][\/vc_row][vc_row gap=&#8221;35&#8243; equal_height=&#8221;yes&#8221;][vc_column width=&#8221;1\/2&#8243; css=&#8221;.vc_custom_1616757767768{padding: 50px !important;background-color: #ffffff !important;}&#8221;][vc_single_image image=&#8221;10087&#8243; img_size=&#8221;full&#8221;][vc_column_text el_class=&#8221;text-just&#8221;]<span lang=\"ro-RO\">\u00cenfiin\u021bat\u0103 \u00een 2005 de oameni cu o vast\u0103 experien\u021b\u0103 at\u00e2t \u00een managementul de proiecte, c\u00e2t \u0219i \u00een domeniul educa\u021biei pentru adul\u021bi, Asocia\u021bia Pro Xpert este o organiza\u021bie non-guvernamental\u0103 \u0219i non-profit, care contribuie la dezvoltarea comunit\u0103\u021bii locale \u0219i la alinierea societ\u0103\u021bii rom\u00e2ne\u0219ti cu cea european\u0103, oferind asisten\u021b\u0103 \u00een diferite domenii, precum: ICT, comunicare \u0219i parteneriate dintre institu\u021bii publice \u0219i societatea civil\u0103, planificare strategic\u0103, mediu \u00eenconjur\u0103tor etc. Printre cele mai importante obiective se num\u0103r\u0103 evaluarea \u0219i certificarea aptitudinilor profesionale \u00een IT \u0219i limb\u0103 str\u0103ine, precum \u0219i ridicarea poten\u021bialului for\u021bei de munc\u0103 la standarde europene sau sus\u021binerea educa\u021biei continue pentru toate categoriile de persoane. De la \u00eenfiin\u021bare, Asocia\u021bia Pro Xpert a organizat peste 250 de sesiuni de training, seminarii, ateliere \u0219i alte evenimente de interes public, dedicate unor <\/span><span lang=\"ro-RO\">subiecte precum: educa\u021bia, formarea continu\u0103, integrarea european\u0103, participarea activ\u0103 \u00een probleme civice \u0219i care \u021bin de drepturile omului, cet\u0103\u021benia european\u0103, valorile europene, metodologia procesului electoral etc. Pro Xpert are un personal profesionist, cu vast\u0103 experien\u021b\u0103 \u0219i expertiz\u0103 \u00een educa\u021bia pentru adul\u021bi, \u00een special \u00een domeniul IT \u0219i \u00een aspecte europene. Asocia\u021bia a cooperat de asemenea \u00een proiecte locale dedicate cet\u0103\u021beniei active, educa\u021biei p\u0103rin\u021bilor \u0219i mediului \u00eenconjur\u0103tor. \u00cen 2008, Pro Xpert \u0219i-a extins activitatea prin implicarea ca partener \u00een trei proiecte din cadrul Programului Phare \u2013 Dezvoltarea Resurselor Umane. Dou\u0103 dintre ele au fost dedicate grupurilor marginalizate, la riscul excluziunii sociale: comunitatea rrom\u0103 \u0219i persoanele \u0219omere din mediul rural. A organizat cursuri de formare \u0219i dezvoltare personal\u0103, cu scopul de a oferi acces \u00een c\u00e2mpul de munc\u0103 \u0219i a promova \u0219anse egale.<\/span><\/p>\n<p><span lang=\"ro-RO\">\u00centre octombrie 2010 \u2013 septembrie 2013, Pro Xpert a fost partener \u00eentr-un proiect strategic de mare anvergur\u0103, finan\u021bat de Fondul Social European prin Programul Opera\u021bional Sectorial \u2013 Dezvoltarea Resurselor Umane, numit \u201eKANT \u2013 Competen\u021be Antreprenoriale la Nivel European\u201d, \u00een care au fost organizate 12 programe de training \u00een antreprenoriat de baz\u0103, 4 programe de training \u00een management de proiecte \u0219i 9 programe de training \u00een Competen\u021be Antreprenoriale Europene (EBC*L). Pro Xpert se implic\u0103 \u0219i \u00een activit\u0103\u021bi creative, at\u00e2t pentru tineri c\u00e2t \u0219i pentru adul\u021bi. \u00cen acest sens, organizeaz\u0103 cursuri de teatru pentru adolescen\u021bi \u0219i au fost parteneri \u00eentr-un proiect important dezvoltat de Asocia\u021bia Cultur\u0103 \u0219i Art\u0103 din Izmir <\/span><span lang=\"ro-RO\">(<\/span><span lang=\"ro-RO\"><a href=\"http:\/\/www.izmirkulturvesanatprojesi.org\">http:\/\/www.izmirkulturvesanatprojesi.org<\/a>). \u00cen cadrul festivalului, au contribuit cu o echip\u0103 de arti\u0219ti foarte t\u00e2n\u0103r\u0103, dar foarte talentat\u0103, \u0219i au creat spectacole de pantomim\u0103 \u0219i art\u0103 stradal\u0103. Nu \u00een ultimul r\u00e2nd, Asocia\u021bia Pro Xpert pune accent special pe educa\u021bia informal\u0103 pentru diferite categorii de v\u00e2rst\u0103: adolescen\u021bi, adul\u021bi \u0219i v\u00e2rstnici. Aceast\u0103 preocupare vine din scopul principal al asocia\u021biei: dezvoltarea resurselor umane \u2013 unul dintre obiectivele noastre fiind <\/span><span lang=\"ro-RO\">sus\u021binerea educa\u021biei continue pentru toat\u0103 lumea. \u00cen acest sens, Pro Xpert a c\u0103p\u0103tat deja o vast\u0103 experien\u021b\u0103 \u00een proiecte de educare informal\u0103 a adul\u021bilor, cu 4 parteneriate Gruntvig, 4 ateliere Gruntvig, trei Schimburi de Voluntari Seniori \u0219i 2 parteneriate Leonardo da Vinci. Au organizat, de asemenea, un curs de formare Youth in Action dedicat problemelor mediului \u00eenconjur\u0103tor \u0219i 4 proiecte Erasmus+ pentru tineri (care inclus 3 schimburi \u0219i 2 cursuri de formare pentru angaja\u021bii tineri). \u00cen prezent, coordoneaz\u0103 un proiect KA2 pentru educa\u021bia adul\u021bilor \u0219i sunt parteneri \u00een alte dou\u0103 proiecte KA2 (unul pentru adul\u021bi \u0219i unul pentru tineri).<\/span><\/p>\n<p><span lang=\"ro-RO\">\u00cen ceea ce prive\u0219te experien\u021ba cu grupuri cu nevoi speciale, Pro Xpert lucreaz\u0103 \u00een general cu persoane din mediul rural aflate la risc de excluziune social\u0103 \u2013 \u0219omeri, familii cu nivel de trai foarte sc\u0103zut, persoane cu dizabilit\u0103\u021bi sau nevoi speciale \u0219i minorit\u0103\u021bi etnice, sau cu alte minorit\u0103\u021bi etnice cu nevoi speciale \u2013 comunitatea rrom\u0103. \u00cen cele mai multe cazuri, beneficiarii se \u00eempart \u00een dou\u0103 sau mai multe categorii, cum ar fi cet\u0103\u021beni \u0219omeri de etnie rrom\u0103, persoane cu dizabilit\u0103\u021bi sau cu nivel foarte sc\u0103zut de trai etc. \u00cen aceste cazuri, stima de sine cre\u0219te invers propor\u021bional cu nivelul de educa\u021bie \u0219i formare, iar, la un anumit nivel, se creeaz\u0103 un cerc vicios \u00een care s\u0103r\u0103cia diminueaz\u0103 stima de sine, iar lipsa acesteia anuleaz\u0103 orice progres spre \u00eembun\u0103t\u0103\u021birea calit\u0103\u021bii vie\u021bii. Asocia\u021bia se concentreaz\u0103 pe m\u0103rirea stimei de sine a acestor oameni prin sesiuni de formare \u0219i dezvoltare personal\u0103, pentru a le spori accesul \u00een c\u00e2mpul de munc\u0103 \u0219i oferi \u0219anse egale la oportunit\u0103\u021bi de angajare \u0219i promovare.<\/span>[\/vc_column_text][\/vc_column][vc_column width=&#8221;1\/2&#8243; css=&#8221;.vc_custom_1616757866093{padding: 50px !important;background-color: #ffffff !important;}&#8221;][vc_single_image image=&#8221;2465&#8243; img_size=&#8221;full&#8221;][vc_column_text el_class=&#8221;text-just&#8221;]<span lang=\"ro-RO\">Asocia\u021bia Social\u0103 Recreativ\u0103 Cultural\u0103 \u0219i de Bun\u0103 Facere \u201eVai Avante\u201d este o organiza\u021bie local\u0103 non-guvernamental\u0103 \u0219i non-profit, cu statutul de Institu\u021bie Privat\u0103 de Solidaritate Social\u0103 \u0219i Institu\u021bie de Utilitate Public\u0103, situat\u0103 \u00een parohia Sf. Pedro da Cova, \u00een Gondomar. Misiunea Asocia\u021biei Vai Avante const\u0103 \u00een promovarea social\u0103 \u0219i cultural\u0103 a cet\u0103\u021benilor localit\u0103\u021bii Gondomar, sus\u021bin\u00e2nd familii, copii, tineri \u0219i v\u00e2rstnici, \u0219i popula\u021bia defavorizat\u0103 din <\/span><span lang=\"ro-RO\">punct de vedere economic \u0219i social. Acest obiectiv este atins nu numai prin diversele servicii oferite de institu\u021bie, dar \u0219i prin parteneriate cu alte institu\u021bii \u0219i entit\u0103\u021bi, pentru a spori \u0219i \u00eembun\u0103t\u0103\u021bii calitatea acestora. La baza institu\u021biei stau activitatea dedicat\u0103 \u0219i implicarea \u00eempreun\u0103 cu diver\u0219i parteneri sociali, cu scopul de a angaja comunitatea \u0219i a \u00eei \u00eembun\u0103t\u0103\u021bi calitatea vie\u021bii \u0219i \u00eendeplini nevoile.<\/span><\/p>\n<p><span lang=\"ro-RO\">Institu\u021bia are, de asemenea GIP \u2013 <\/span><span lang=\"ro-RO\">Gabinete de Inser\u00e7\u00e3o Profissional (<\/span><span lang=\"ro-RO\">Biroul pentru Inser\u021bie Profesional\u0103), un spa\u021biu creat printr-un parteneriat cu <\/span><span lang=\"ro-RO\">IEFP \u2013 Instituto de Emprego e Forma\u00e7\u00e3o Profissional de Gondomar (Institutul pentru Ocuparea For\u021bei de Munc\u0103 \u0219i Formare Profesional\u0103 din Gondomar), pentru a oferi popula\u021biei tinere \u0219i adulte din municipiu sprijin \u00een ceea ce prive\u0219te dezvoltarea parcursului lor de inser\u021bie \/ reintegrare pe pia\u021ba muncii. GIP \u00ee\u0219i propune de asemenea s\u0103 satisfac\u0103 nevoile companiilor \u0219i s\u0103 gestioneze locurile de munc\u0103 vacante. Pe l\u00e2ng\u0103 asta, public\u0103 m\u0103suri de sprijin pentru angajare \u0219i colaboreaz\u0103 cu companii \u00een procesul de aplicare pentru stagii.<\/span><\/p>\n<p><span lang=\"ro-RO\">Asocia\u021bia ofer\u0103 o varietate de servicii pentru dezvoltarea comunit\u0103\u021bii, coordon\u00e2nd 5 centre cu roluri diferite, precum: Cre\u0219\u0103, Gr\u0103dini\u021b\u0103, Centrul de Activit\u0103\u021bi de Agrement\/Recrea\u021bie, Centrul Comunitar, Centrul Social pentru V\u00e2rstnici. Este ini\u021biatorul proiectului REaCORDAR, dedicat b\u0103tr\u00e2nilor cu Alzheimer, Serviciului de Asisten\u021b\u0103 la Domiciliu, protocolului RSI, precum \u0219i Serviciului de Inser\u021bie Profesional\u0103. Institu\u021bia are, de asemenea, o camer\u0103 Snoezelen, care permite stimularea senzorial\u0103 a copiilor \u0219i adul\u021bilor cu nevoi speciale, dizabilit\u0103\u021bi sau demen\u021b\u0103. \u00cen completarea ariei cu tem\u0103 social\u0103, Asocia\u021bia Vai Avante desf\u0103\u0219oar\u0103 o gam\u0103 larg\u0103 de activit\u0103\u021bi recrea\u021bionale \u0219i culturale, cum ar fi grupul de dans Roda Viva, cu aproximativ 100 de membri tineri, \u0219coala de capoeira, \u0219coala de muzic\u0103, trupa de teatru Vai Avante, sec\u021bia de pescuit recreativ, sec\u021bia de dame clasice \u0219i grupul de drume\u021bii.<\/span><\/p>\n<p><span lang=\"ro-RO\">Institu\u021bia a semnat multe acorduri de cooperare cu Siguran\u021ba Social\u0103 \u00een Cre\u0219e, Centrul de Activit\u0103\u021bi de Agrement\/Recrea\u021bie, Centrul Social \u0219i Sprijin la Domiciliu. De asemenea, are o echip\u0103 de protocol dedicat veniturilor sociale de inser\u021bie, care este o solu\u021bie social\u0103 dezvoltat\u0103 \u00eempreun\u0103 cu Institutul pentru Solidaritate \u0219i Siguran\u021b\u0103 Social\u0103, cu scopul principal de a promova autonomia \u0219i incluziunea social\u0103. \u00cen prezent, aceast\u0103 echip\u0103 multi-disciplinar\u0103 lucreaz\u0103 cu 240 de familii, acoperind un total de 667 beneficiari.<\/span><\/p>\n<p><span lang=\"ro-RO\">Institu\u021bia are, de asemenea GIP \u2013 <\/span><span lang=\"ro-RO\">Gabinete de Inser\u00e7\u00e3o Profissional (<\/span><span lang=\"ro-RO\">Biroul pentru Inser\u021bie Profesional\u0103), un spa\u021biu creat printr-un parteneriat cu <\/span><span lang=\"ro-RO\">IEFP \u2013 Instituto de Emprego e Forma\u00e7\u00e3o Profissional de Gondomar (Institutul pentru Ocuparea For\u021bei de Munc\u0103 \u0219i Formare Profesional\u0103 din Gondomar), pentru a oferi popula\u021biei tinere \u0219i adulte din municipiu sprijin \u00een ceea ce prive\u0219te dezvoltarea parcursului lor de inser\u021bie \/ reintegrare pe pia\u021ba muncii. GIP \u00ee\u0219i propune de asemenea s\u0103 satisfac\u0103 nevoile companiilor \u0219i s\u0103 gestioneze locurile de munc\u0103 vacante. Pe l\u00e2ng\u0103 asta, public\u0103 m\u0103suri de sprijin pentru angajare \u0219i colaboreaz\u0103 cu companii \u00een procesul de aplicare pentru stagii.<\/span><\/p>\n<p><span lang=\"ro-RO\">La momentul actual, institu\u021bia este angajat\u0103 \u00eentr-un proiect de solidaritate implementat de 5 tineri \u0219i dedicat egalit\u0103\u021bii de gen (proiect desf\u0103\u0219urat \u00een cadrul Corpului European de Solidaritate, ini\u021biativ\u0103 UE pentru tineri, care le ofer\u0103 oportunit\u0103\u021bi de voluntariat sau carier\u0103, acas\u0103 sau \u00een str\u0103in\u0103tate) \u0219i un alt proiect care contribuie \u00een stagiu\/carier\u0103 sau voluntariat. La nivel european, institu\u021bia este partener \u00een mai multe proiecte de mobilitate KA2, promovate de Erasmus+.<\/span>[\/vc_column_text][\/vc_column][\/vc_row][\/vc_section]<\/p>\n<div class=\"clearfix\"><\/div>","protected":false},"excerpt":{"rendered":"<p>[vc_row full_width=&#8221;stretch_row_content_no_spaces&#8221;][vc_column][\/vc_column][\/vc_row][vc_section full_width=&#8221;stretch_row&#8221; css=&#8221;.vc_custom_1616756744010{background-color: #f7f7f7 !important;}&#8221;][vc_row gap=&#8221;35&#8243; equal_height=&#8221;yes&#8221;][vc_column width=&#8221;1\/2&#8243; css=&#8221;.vc_custom_1616757767768{padding: 50px !important;background-color: #ffffff !important;}&#8221;][vc_single_image image=&#8221;2463&#8243; img_size=&#8221;full&#8221;][vc_column_text el_class=&#8221;text-just&#8221;]NKey srl are sediul \u00een Santa Croce sull\u2019Arno, un ora\u0219 mic din centrul Toscanei, la jum\u0103tatea drumului dintre Pisa \u0219i Floren\u021ba, \u00eentr-o zon\u0103 puternic industrializat\u0103. A fost \u00eenfiin\u021bat\u0103 \u0219i&#8230;<\/p>\n","protected":false},"author":5,"featured_media":3785,"parent":0,"menu_order":0,"comment_status":"closed","ping_status":"closed","template":"","meta":[],"acf":[],"yoast_head":"<!-- This site is optimized with the Yoast SEO plugin v18.7 - https:\/\/yoast.com\/wordpress\/plugins\/seo\/ -->\n<title>BIOGRAFIE PARTENERI - MY LIFE in EUROPE<\/title>\n<meta name=\"robots\" content=\"index, follow, max-snippet:-1, max-image-preview:large, max-video-preview:-1\" \/>\n<link rel=\"canonical\" href=\"https:\/\/www.mylifeineurope.nkey.it\/ro\/biografie-parteneri\/\" \/>\n<meta property=\"og:locale\" content=\"ro_RO\" \/>\n<meta property=\"og:type\" content=\"article\" \/>\n<meta property=\"og:title\" content=\"BIOGRAFIE PARTENERI - MY LIFE in EUROPE\" \/>\n<meta property=\"og:description\" content=\"[vc_row full_width=&#8221;stretch_row_content_no_spaces&#8221;][vc_column][\/vc_column][\/vc_row][vc_section full_width=&#8221;stretch_row&#8221; css=&#8221;.vc_custom_1616756744010{background-color: #f7f7f7 !important;}&#8221;][vc_row gap=&#8221;35&#8243; equal_height=&#8221;yes&#8221;][vc_column width=&#8221;1\/2&#8243; css=&#8221;.vc_custom_1616757767768{padding: 50px !important;background-color: #ffffff !important;}&#8221;][vc_single_image image=&#8221;2463&#8243; img_size=&#8221;full&#8221;][vc_column_text el_class=&#8221;text-just&#8221;]NKey srl are sediul \u00een Santa Croce sull\u2019Arno, un ora\u0219 mic din centrul Toscanei, la jum\u0103tatea drumului dintre Pisa \u0219i Floren\u021ba, \u00eentr-o zon\u0103 puternic industrializat\u0103. A fost \u00eenfiin\u021bat\u0103 \u0219i...\" \/>\n<meta property=\"og:url\" content=\"https:\/\/www.mylifeineurope.nkey.it\/ro\/biografie-parteneri\/\" \/>\n<meta property=\"og:site_name\" content=\"MY LIFE in EUROPE\" \/>\n<meta property=\"article:modified_time\" content=\"2023-01-12T14:14:21+00:00\" \/>\n<meta property=\"og:image\" content=\"https:\/\/www.mylifeineurope.nkey.it\/wp-content\/uploads\/2021\/04\/slide-genericaR-8.jpg\" \/>\n\t<meta property=\"og:image:width\" content=\"2000\" \/>\n\t<meta property=\"og:image:height\" content=\"576\" \/>\n\t<meta property=\"og:image:type\" content=\"image\/jpeg\" \/>\n<meta name=\"twitter:card\" content=\"summary_large_image\" \/>\n<meta name=\"twitter:label1\" content=\"Timp estimat pentru citire\" \/>\n\t<meta name=\"twitter:data1\" content=\"13 minute\" \/>\n<script type=\"application\/ld+json\" class=\"yoast-schema-graph\">{\"@context\":\"https:\/\/schema.org\",\"@graph\":[{\"@type\":\"WebSite\",\"@id\":\"https:\/\/www.mylifeineurope.nkey.it\/#website\",\"url\":\"https:\/\/www.mylifeineurope.nkey.it\/\",\"name\":\"MY LIFE in EUROPE\",\"description\":\"a new Methodology to insert Your LIFE biography IN the EUROPE context\",\"potentialAction\":[{\"@type\":\"SearchAction\",\"target\":{\"@type\":\"EntryPoint\",\"urlTemplate\":\"https:\/\/www.mylifeineurope.nkey.it\/?s={search_term_string}\"},\"query-input\":\"required name=search_term_string\"}],\"inLanguage\":\"ro-RO\"},{\"@type\":\"ImageObject\",\"inLanguage\":\"ro-RO\",\"@id\":\"https:\/\/www.mylifeineurope.nkey.it\/ro\/biografie-parteneri\/#primaryimage\",\"url\":\"https:\/\/www.mylifeineurope.nkey.it\/wp-content\/uploads\/2021\/04\/slide-genericaR-8.jpg\",\"contentUrl\":\"https:\/\/www.mylifeineurope.nkey.it\/wp-content\/uploads\/2021\/04\/slide-genericaR-8.jpg\",\"width\":2000,\"height\":576},{\"@type\":\"WebPage\",\"@id\":\"https:\/\/www.mylifeineurope.nkey.it\/ro\/biografie-parteneri\/#webpage\",\"url\":\"https:\/\/www.mylifeineurope.nkey.it\/ro\/biografie-parteneri\/\",\"name\":\"BIOGRAFIE PARTENERI - MY LIFE in EUROPE\",\"isPartOf\":{\"@id\":\"https:\/\/www.mylifeineurope.nkey.it\/#website\"},\"primaryImageOfPage\":{\"@id\":\"https:\/\/www.mylifeineurope.nkey.it\/ro\/biografie-parteneri\/#primaryimage\"},\"datePublished\":\"2020-05-15T17:22:16+00:00\",\"dateModified\":\"2023-01-12T14:14:21+00:00\",\"breadcrumb\":{\"@id\":\"https:\/\/www.mylifeineurope.nkey.it\/ro\/biografie-parteneri\/#breadcrumb\"},\"inLanguage\":\"ro-RO\",\"potentialAction\":[{\"@type\":\"ReadAction\",\"target\":[\"https:\/\/www.mylifeineurope.nkey.it\/ro\/biografie-parteneri\/\"]}]},{\"@type\":\"BreadcrumbList\",\"@id\":\"https:\/\/www.mylifeineurope.nkey.it\/ro\/biografie-parteneri\/#breadcrumb\",\"itemListElement\":[{\"@type\":\"ListItem\",\"position\":1,\"name\":\"Home\",\"item\":\"https:\/\/www.mylifeineurope.nkey.it\/ro\/\"},{\"@type\":\"ListItem\",\"position\":2,\"name\":\"BIOGRAFIE PARTENERI\"}]}]}<\/script>\n<!-- \/ Yoast SEO plugin. -->","yoast_head_json":{"title":"BIOGRAFIE PARTENERI - MY LIFE in EUROPE","robots":{"index":"index","follow":"follow","max-snippet":"max-snippet:-1","max-image-preview":"max-image-preview:large","max-video-preview":"max-video-preview:-1"},"canonical":"https:\/\/www.mylifeineurope.nkey.it\/ro\/biografie-parteneri\/","og_locale":"ro_RO","og_type":"article","og_title":"BIOGRAFIE PARTENERI - MY LIFE in EUROPE","og_description":"[vc_row full_width=&#8221;stretch_row_content_no_spaces&#8221;][vc_column][\/vc_column][\/vc_row][vc_section full_width=&#8221;stretch_row&#8221; css=&#8221;.vc_custom_1616756744010{background-color: #f7f7f7 !important;}&#8221;][vc_row gap=&#8221;35&#8243; equal_height=&#8221;yes&#8221;][vc_column width=&#8221;1\/2&#8243; css=&#8221;.vc_custom_1616757767768{padding: 50px !important;background-color: #ffffff !important;}&#8221;][vc_single_image image=&#8221;2463&#8243; img_size=&#8221;full&#8221;][vc_column_text el_class=&#8221;text-just&#8221;]NKey srl are sediul \u00een Santa Croce sull\u2019Arno, un ora\u0219 mic din centrul Toscanei, la jum\u0103tatea drumului dintre Pisa \u0219i Floren\u021ba, \u00eentr-o zon\u0103 puternic industrializat\u0103. A fost \u00eenfiin\u021bat\u0103 \u0219i...","og_url":"https:\/\/www.mylifeineurope.nkey.it\/ro\/biografie-parteneri\/","og_site_name":"MY LIFE in EUROPE","article_modified_time":"2023-01-12T14:14:21+00:00","og_image":[{"width":2000,"height":576,"url":"https:\/\/www.mylifeineurope.nkey.it\/wp-content\/uploads\/2021\/04\/slide-genericaR-8.jpg","type":"image\/jpeg"}],"twitter_card":"summary_large_image","twitter_misc":{"Timp estimat pentru citire":"13 minute"},"schema":{"@context":"https:\/\/schema.org","@graph":[{"@type":"WebSite","@id":"https:\/\/www.mylifeineurope.nkey.it\/#website","url":"https:\/\/www.mylifeineurope.nkey.it\/","name":"MY LIFE in EUROPE","description":"a new Methodology to insert Your LIFE biography IN the EUROPE context","potentialAction":[{"@type":"SearchAction","target":{"@type":"EntryPoint","urlTemplate":"https:\/\/www.mylifeineurope.nkey.it\/?s={search_term_string}"},"query-input":"required name=search_term_string"}],"inLanguage":"ro-RO"},{"@type":"ImageObject","inLanguage":"ro-RO","@id":"https:\/\/www.mylifeineurope.nkey.it\/ro\/biografie-parteneri\/#primaryimage","url":"https:\/\/www.mylifeineurope.nkey.it\/wp-content\/uploads\/2021\/04\/slide-genericaR-8.jpg","contentUrl":"https:\/\/www.mylifeineurope.nkey.it\/wp-content\/uploads\/2021\/04\/slide-genericaR-8.jpg","width":2000,"height":576},{"@type":"WebPage","@id":"https:\/\/www.mylifeineurope.nkey.it\/ro\/biografie-parteneri\/#webpage","url":"https:\/\/www.mylifeineurope.nkey.it\/ro\/biografie-parteneri\/","name":"BIOGRAFIE PARTENERI - MY LIFE in EUROPE","isPartOf":{"@id":"https:\/\/www.mylifeineurope.nkey.it\/#website"},"primaryImageOfPage":{"@id":"https:\/\/www.mylifeineurope.nkey.it\/ro\/biografie-parteneri\/#primaryimage"},"datePublished":"2020-05-15T17:22:16+00:00","dateModified":"2023-01-12T14:14:21+00:00","breadcrumb":{"@id":"https:\/\/www.mylifeineurope.nkey.it\/ro\/biografie-parteneri\/#breadcrumb"},"inLanguage":"ro-RO","potentialAction":[{"@type":"ReadAction","target":["https:\/\/www.mylifeineurope.nkey.it\/ro\/biografie-parteneri\/"]}]},{"@type":"BreadcrumbList","@id":"https:\/\/www.mylifeineurope.nkey.it\/ro\/biografie-parteneri\/#breadcrumb","itemListElement":[{"@type":"ListItem","position":1,"name":"Home","item":"https:\/\/www.mylifeineurope.nkey.it\/ro\/"},{"@type":"ListItem","position":2,"name":"BIOGRAFIE PARTENERI"}]}]}},"_links":{"self":[{"href":"https:\/\/www.mylifeineurope.nkey.it\/ro\/wp-json\/wp\/v2\/pages\/3783"}],"collection":[{"href":"https:\/\/www.mylifeineurope.nkey.it\/ro\/wp-json\/wp\/v2\/pages"}],"about":[{"href":"https:\/\/www.mylifeineurope.nkey.it\/ro\/wp-json\/wp\/v2\/types\/page"}],"author":[{"embeddable":true,"href":"https:\/\/www.mylifeineurope.nkey.it\/ro\/wp-json\/wp\/v2\/users\/5"}],"replies":[{"embeddable":true,"href":"https:\/\/www.mylifeineurope.nkey.it\/ro\/wp-json\/wp\/v2\/comments?post=3783"}],"version-history":[{"count":4,"href":"https:\/\/www.mylifeineurope.nkey.it\/ro\/wp-json\/wp\/v2\/pages\/3783\/revisions"}],"predecessor-version":[{"id":10091,"href":"https:\/\/www.mylifeineurope.nkey.it\/ro\/wp-json\/wp\/v2\/pages\/3783\/revisions\/10091"}],"wp:featuredmedia":[{"embeddable":true,"href":"https:\/\/www.mylifeineurope.nkey.it\/ro\/wp-json\/wp\/v2\/media\/3785"}],"wp:attachment":[{"href":"https:\/\/www.mylifeineurope.nkey.it\/ro\/wp-json\/wp\/v2\/media?parent=3783"}],"curies":[{"name":"wp","href":"https:\/\/api.w.org\/{rel}","templated":true}]}}