{"id":3727,"date":"2021-07-19T07:33:06","date_gmt":"2021-07-19T07:33:06","guid":{"rendered":"https:\/\/mylifeineurope.nkey.it\/?page_id=3727"},"modified":"2021-07-19T08:41:01","modified_gmt":"2021-07-19T08:41:01","slug":"proiect","status":"publish","type":"page","link":"https:\/\/www.mylifeineurope.nkey.it\/ro\/proiect\/","title":{"rendered":"Proiect"},"content":{"rendered":"<p>[vc_row full_width=&#8221;stretch_row_content_no_spaces&#8221;][vc_column]\t\n\t\t<section class=\"page-title text-center\" style=\"background-image: url(https:\/\/www.mylifeineurope.nkey.it\/wp-content\/uploads\/2021\/04\/slide-g_progetto-1.jpg);\">\n\t\t\t<div class=\"container relative clearfix\">\n\t\t\t\t<div class=\"title-holder\">\n\t\t\t\t\t<div class=\"title-text\">\n\t\t\t\t\t\t<h1 class=\"uppercase entry-title titolo-nero\">Proiect<\/h1>\n\t\t\t\t\t\t\t\t\t\t\t<\/div>\n\t\t\t\t<\/div>\n\t\t\t<\/div>\n\t\t<\/section><!-- end page title -->\n\t\t\n\t[\/vc_column][\/vc_row][vc_section][vc_row equal_height=&#8221;yes&#8221;][vc_column][vc_custom_heading text=&#8221;DESPRE PROIECT&#8221; font_container=&#8221;tag:h3|text_align:left|color:%23424242&#8243; use_theme_fonts=&#8221;yes&#8221;][vc_empty_space][\/vc_column][vc_column width=&#8221;5\/12&#8243;][vc_column_text el_class=&#8221;text-just&#8221;]<span lang=\"ro-RO\">Proiectul <\/span><strong><span lang=\"ro-RO\">\u201cMy life in Europe-a new Methodology to insert Your LIFE biography IN the EUROPE context\u201d <\/span><\/strong><span lang=\"ro-RO\">\/ <\/span><span lang=\"ro-RO\">\u201eVia\u021ba mea \u00een Europa &#8211; o nou\u0103 metodologie pentru a introduce biografia VIE\u021aII tale \u00ceN contextul EUROPEAN\u201d e parte din programul Erasmus+ pentru inova\u021bie \u0219i schimb de bune practici. Acesta r\u0103spunde nevoilor Comisiei Europene de a dezvolta competen\u021bele educatorilor \u0219i personalului implicat \u00een educa\u021bia adul\u021bilor, de a pune la dispozi\u021bie instrumente tehnologice inovatoare care s\u0103 sus\u021bin\u0103 educa\u021bia \u0219i preg\u0103tirea pe tot parcursul vie\u021bii, a cre\u0219te gradul de con\u0219tientizare a identit\u0103\u021bii europene \u0219i a contribui la bun\u0103starea fizic\u0103 \u0219i psihic\u0103 a cet\u0103\u021benilor, \u00een special categoriile mai vulnerabile. (S\u0103n\u0103tate 2020 Politica european\u0103 pentru s\u0103n\u0103tate \u0219i bun\u0103stare).<\/span>[\/vc_column_text][\/vc_column][vc_column width=&#8221;1\/6&#8243;][vc_single_image image=&#8221;3730&#8243; alignment=&#8221;center&#8221;][\/vc_column][vc_column width=&#8221;5\/12&#8243;][vc_column_text el_class=&#8221;text-just&#8221;]<span lang=\"ro-RO\">Proiectul are la baz\u0103 dou\u0103 argumente dovedite \u0219tiin\u021bific:<\/span><\/p>\n<p><span lang=\"ro-RO\"><strong>valoarea terapeutic\u0103, social\u0103 \u0219i cultural\u0103 a autobiografiei<\/strong> ca instrument capabil de a stimula memoria pacien\u021bilor cu deficien\u021be, promov\u00e2nd incluziunea social\u0103, precum \u0219i schimbul inter-cultural \u0219i inter-genera\u021bional, \u0219i diminu\u00e2nd sentimentul de singur\u0103tate \u0219i abandon;<\/span><\/p>\n<p><span lang=\"ro-RO\"><strong>Efectele benefice pe care jocurile video<\/strong> \u0219i activit\u0103\u021bile online le au asupra v\u00e2rstnicilor <\/span><span lang=\"ro-RO\">(Kyriazis-Kiourti 2018).<\/span>[\/vc_column_text][\/vc_column][\/vc_row][vc_row equal_height=&#8221;yes&#8221;][vc_column][vc_custom_heading text=&#8221;CUM A LUAT NA\u0218TERE ACEST PROIECT&#8221; font_container=&#8221;tag:h3|text_align:left|color:%23424242&#8243; use_theme_fonts=&#8221;yes&#8221;][vc_empty_space][\/vc_column][vc_column width=&#8221;1\/3&#8243;][vc_column_text el_class=&#8221;text-just&#8221;]<img loading=\"lazy\" class=\"alignleft wp-image-3337 size-thumbnail\" src=\"https:\/\/mylifeineurope.nkey.it\/wp-content\/uploads\/2021\/04\/comenasceprogetto-150x150.jpg\" alt=\"\" width=\"150\" height=\"150\" srcset=\"https:\/\/www.mylifeineurope.nkey.it\/wp-content\/uploads\/2021\/04\/comenasceprogetto-150x150.jpg 150w, https:\/\/www.mylifeineurope.nkey.it\/wp-content\/uploads\/2021\/04\/comenasceprogetto-300x300.jpg 300w, https:\/\/www.mylifeineurope.nkey.it\/wp-content\/uploads\/2021\/04\/comenasceprogetto.jpg 354w\" sizes=\"(max-width: 150px) 100vw, 150px\" \/><\/p>\n<p><span lang=\"ro-RO\">Dincolo de studii \u0219i cercet\u0103ri specifice, proiectul e inspirat dintr-o experien\u021b\u0103 \u00een cadrul RSA (Re\u0219edin\u021b\u0103 de S\u0103n\u0103tate) \u201eG. Meacci\u201d condus\u0103 de Municipiul S. Croce sull\u2019Arno (Pisa), \u00een cadrul c\u0103reia operatori specializa\u021bi au colectat pove\u0219ti de via\u021b\u0103 ale v\u00e2rstnicilor.<\/span>[\/vc_column_text][\/vc_column][vc_column width=&#8221;1\/3&#8243;][vc_column_text el_class=&#8221;text-just&#8221;]<span lang=\"ro-RO\">Activitatea menit\u0103 ini\u021bial cu scop recreativ s-a dovedit, \u00een scurt timp, terapeutic\u0103 \u0219i vindec\u0103toare. Participarea entuziast\u0103 a celor invita\u021bi s\u0103 scrie despre ei \u00een\u0219i\u0219i a dovedit cum scrierea autobiografic\u0103 poate s\u0103 stimuleze memoria, s\u0103 recreeze leg\u0103turi emo\u021bionale, s\u0103 faciliteze procesul de socializare, precum \u0219i schimbul inter-genera\u021bional \u0219i inter-cultural.<\/span>[\/vc_column_text][\/vc_column][vc_column width=&#8221;1\/3&#8243;][vc_column_text el_class=&#8221;text-just&#8221;]<span lang=\"ro-RO\">Schimbul de experien\u021be care a urmat a dat na\u0219tere ideii unui nou proiect \u00een care educa\u021bia adul\u021bilor, sociologia, psihologia \u0219i pedagogia se \u00eent\u00e2lnesc cu tehnologia \u0219i cu noile mijloace care ofer\u0103 educatorilor instrumente inovatoare.<\/span>[\/vc_column_text][\/vc_column][\/vc_row][vc_row equal_height=&#8221;yes&#8221;][vc_column][vc_custom_heading text=&#8221;IDENTITATEA EUROPEAN\u0102&#8221; font_container=&#8221;tag:h3|text_align:left|color:%23424242&#8243; use_theme_fonts=&#8221;yes&#8221;][vc_empty_space][\/vc_column][vc_column width=&#8221;5\/12&#8243;][vc_column_text el_class=&#8221;text-just&#8221;]<span lang=\"ro-RO\">Astfel s-a n\u0103scut ideea cre\u0103rii unui joc u\u0219or de folosit \u0219i care nu necesit\u0103 deprinderea unei aptitudini specifice, folosit cu scopul de a introduce un proiect de scriere autobiografic\u0103 \u00een parcursul educa\u021biei non-formale<\/span><\/p>\n<p><span lang=\"ro-RO\">Proiectul, care cu siguran\u021b\u0103 are o valoare cultural\u0103, social\u0103 \u0219i terapeutic\u0103, va avea de asemenea o mare valoare inter-cultural\u0103: o serie special\u0103 \u201eSunt european?\u201d va oferi juc\u0103torilor \u0219i \u00eendrum\u0103torilor oportunitatea s\u0103 creeze \u201epotriviri\u201d \u0219i s\u0103 observe c\u00e2\u021bi al\u021bi juc\u0103tori europeni au avut acelea\u0219i experien\u021be sau sentimente, descoperind astfel c\u0103 nu suntem at\u00e2t de diferi\u021bi, ba chiar din contr\u0103<\/span><\/p>\n<p><span lang=\"ro-RO\">Mai mult, toate autobiografiile colectate din diferite \u021b\u0103ri europene vor alc\u0103tui o arhiv\u0103 valoroas\u0103 a memoriilor europene: un repertoriu de pove\u0219ti personale care vor apar\u021bine tuturor.<\/span>[\/vc_column_text][\/vc_column][vc_column width=&#8221;1\/6&#8243;][vc_single_image image=&#8221;3732&#8243; alignment=&#8221;center&#8221;][\/vc_column][vc_column width=&#8221;5\/12&#8243;][vc_column_text el_class=&#8221;text-just&#8221;]<span lang=\"ro-RO\">Contribu\u021bia partenerilor str\u0103ini va fi fundamental\u0103 at\u00e2t \u00een design, c\u00e2t \u0219i \u00een faza de testare.<\/span><\/p>\n<p><span lang=\"ro-RO\">Scopul este crearea unui produs care are <\/span><span lang=\"ro-RO\">valoare \u201euniversal\u0103\u201d, iar punctul de vedere al partenerilor din diferite culturi \u0219i obiceiuri este fundamental \u00een c\u0103utarea de stimuli, care trebuie s\u0103 aib\u0103 o valoare \u201euniversal\u0103\u201d, \u0219i nu \u201ena\u021bional\u0103\u201d. C\u0103utarea unor \u201estimulatori de memorie universali\u201d s-ar putea dovedi un e\u0219ec dac\u0103 se desf\u0103\u0219oar\u0103 dintr-un punct de vedere \u201emonocultural\u201d. O contribu\u021bie chiar mai important\u0103 a partenerilor va fi faza de testare a jocului, \u00een care punctele de vedere culturale diferite vor fi primordiale.<\/span><\/p>\n<p><span lang=\"ro-RO\">\u00cen final, sprijinul partenerilor din diferite \u021b\u0103ri va fi esen\u021bial pentru o diseminare optim\u0103.<\/span>[\/vc_column_text][\/vc_column][\/vc_row][vc_row equal_height=&#8221;yes&#8221;][vc_column][vc_custom_heading text=&#8221;REZULTATE SCONTATE&#8221; font_container=&#8221;tag:h3|text_align:left|color:%23424242&#8243; use_theme_fonts=&#8221;yes&#8221;][vc_empty_space][\/vc_column][vc_column]\n\t\t<div class=\"text-just toggle\">\n\t\t\n\t\t\t<div class=\"acc-panel\">\n\t\t\t\t<a href=\"#\">JOCUL<\/a>\n\t\t\t<\/div>\n\t\t\t\n\t\t\t<div class=\"panel-content\"><span lang=\"ro-RO\">Jocul poate fi pus \u00een categoria a\u0219a ziselor \u201ejocuri serioase\u201d sau a jocurile digitale de ultim\u0103 genera\u021bi, create cu scop educativ \u00een contextul educa\u021biei adul\u021bilor. Este o aplica\u021bie web, care poate fi desc\u0103rcat\u0103 pe un smartphone sau calculator \u0219i prin intermediul c\u0103reia orice educator poate folosi tehnici de scriere autobiografic\u0103 \u00eentr-o manier\u0103 facil\u0103 \u0219i distractiv\u0103, ca un mijloc \u00een programe terapeutice, de reabilitare sau recreative.<\/span><\/p>\n<p><span lang=\"ro-RO\">Jocul este creat \u00een a\u0219a fel \u00eenc\u00e2t poate fi utilizat at\u00e2t individual c\u00e2t \u0219i \u00een grup, f\u0103r\u0103 a limita num\u0103rul de participan\u021bi: \u201ejuc\u0103torii\u201d vor primi numero\u0219i stimuli emo\u021bionali, sub form\u0103 de imagini, sunet sau mirosuri, care se vor transforma \u00een \u201epove\u0219ti\u201d.<\/span><\/div>\n\t\t\n\t\t<\/div>\n\t\n\t\t<div class=\"text-just toggle\">\n\t\t\n\t\t\t<div class=\"acc-panel\">\n\t\t\t\t<a href=\"#\">MANUALUL<\/a>\n\t\t\t<\/div>\n\t\t\t\n\t\t\t<div class=\"panel-content\"><span lang=\"ro-RO\">Proiectul anticipeaz\u0103, de asemenea, implementarea unui manual pentru traineri, <\/span><span lang=\"ro-RO\">denumit: \u201eExperien\u021ba autobiografic\u0103: manualul\u201d, care va facilita cursuri de formare cu caracter repetitiv.<\/span><\/p>\n<p><span lang=\"ro-RO\">Este vorba de un manual creat pentru structuri \u0219i asocia\u021bii care ofer\u0103 asisten\u021b\u0103 pentru v\u00e2rstnici la diferite niveluri, de la c\u0103mine de b\u0103tr\u00e2ni la centre de asisten\u021b\u0103 pentru pacien\u021bi cu Alzheimer \u0219i demen\u021b\u0103, centre recreative sau azile pentru v\u00e2rstnici non-autosuficen\u021bi.<\/span><\/p>\n<p><span lang=\"ro-RO\">Manualul pentru traineri con\u021bine toate instruc\u021biunile necesare pentru a desf\u0103\u0219ura un curs dedicat introducerii scrierii autobiografice \u00een activit\u0103\u021bile terapeutice \u0219i recreative, dedicate v\u00e2rstnicilor cu patologii diferite.<\/span><\/p>\n<p><\/div>\n\t\t\n\t\t<\/div>\n\t[\/vc_column][\/vc_row][\/vc_section][vc_section full_width=&#8221;stretch_row&#8221; css=&#8221;.vc_custom_1616759458908{background-color: #f7f7f7 !important;}&#8221;][vc_row][vc_column][vc_custom_heading text=&#8221;FOLLOW US&#8221; font_container=&#8221;tag:h2|text_align:center|color:%233d3d3d&#8221; use_theme_fonts=&#8221;yes&#8221;][vc_empty_space height=&#8221;22px&#8221;][vc_raw_html]JTNDcCUyMHN0eWxlJTNEJTIydGV4dC1hbGlnbiUzQWNlbnRlciUzQiUyMiUzRUR1cmluZyUyMHRoZSUyMHByb2plY3QlMjB5b3UlMjB3aWxsJTIwYmUlMjBhYmxlJTIwdG8lMjBmb2xsb3clMjBhbGwlMjB0aGUlMjBwaGFzZXMlMjBvZiUyMHRoZSUyMHdvcmslMjBpbiUyMHRoaXMlMjBzZWN0aW9uJTNDJTJGcCUzRQ==[\/vc_raw_html][vc_empty_space height=&#8221;22px&#8221;][vc_separator color=&#8221;custom&#8221; border_width=&#8221;5&#8243; el_width=&#8221;10&#8243; accent_color=&#8221;#dd3333&#8243;][vc_empty_space height=&#8221;42px&#8221;][vc_basic_grid post_type=&#8221;post&#8221; max_items=&#8221;3&#8243; item=&#8221;2537&#8243; grid_id=&#8221;vc_gid:1626683762348-18cd9338-75d0-2&#8243; taxonomies=&#8221;68&#8243;][vc_raw_html]JTNDZGl2JTIwY2xhc3MlM0QlMjJjdGEtYnV0dG9ucyUyMG10LTMwJTIyJTIwc3R5bGUlM0QlMjJ0ZXh0LWFsaWduJTNBJTIwY2VudGVyJTNCJTIyJTNFJTNDYSUyMGNsYXNzJTNEJTIyYnRuJTIwYnRuLWxnJTIwYnRuLWNvbG9yJTIyJTIwaHJlZiUzRCUyMiUyRnJvJTJGc3RlcHMlMkYlMjIlM0UlM0NzcGFuJTNFU1RFUCUzQyUyRnNwYW4lM0UlM0MlMkZhJTNFJTNDJTJGZGl2JTNF[\/vc_raw_html][\/vc_column][\/vc_row][\/vc_section]<\/p>\n<div class=\"clearfix\"><\/div>","protected":false},"excerpt":{"rendered":"<p>[vc_row full_width=&#8221;stretch_row_content_no_spaces&#8221;][vc_column][\/vc_column][\/vc_row][vc_section][vc_row equal_height=&#8221;yes&#8221;][vc_column][vc_custom_heading text=&#8221;DESPRE PROIECT&#8221; font_container=&#8221;tag:h3|text_align:left|color:%23424242&#8243; use_theme_fonts=&#8221;yes&#8221;][vc_empty_space][\/vc_column][vc_column width=&#8221;5\/12&#8243;][vc_column_text el_class=&#8221;text-just&#8221;]Proiectul \u201cMy life in Europe-a new Methodology to insert Your LIFE biography IN the EUROPE context\u201d \/ \u201eVia\u021ba mea \u00een Europa &#8211; o nou\u0103 metodologie pentru a introduce biografia VIE\u021aII tale \u00ceN contextul EUROPEAN\u201d e parte din&#8230;<\/p>\n","protected":false},"author":5,"featured_media":3734,"parent":0,"menu_order":0,"comment_status":"closed","ping_status":"closed","template":"","meta":[],"acf":[],"yoast_head":"<!-- This site is optimized with the Yoast SEO plugin v18.7 - https:\/\/yoast.com\/wordpress\/plugins\/seo\/ -->\n<title>Proiect - MY LIFE in EUROPE<\/title>\n<meta name=\"robots\" content=\"index, follow, max-snippet:-1, max-image-preview:large, max-video-preview:-1\" \/>\n<link rel=\"canonical\" href=\"https:\/\/www.mylifeineurope.nkey.it\/ro\/proiect\/\" \/>\n<meta property=\"og:locale\" content=\"ro_RO\" \/>\n<meta property=\"og:type\" content=\"article\" \/>\n<meta property=\"og:title\" content=\"Proiect - MY LIFE in EUROPE\" \/>\n<meta property=\"og:description\" content=\"[vc_row full_width=&#8221;stretch_row_content_no_spaces&#8221;][vc_column][\/vc_column][\/vc_row][vc_section][vc_row equal_height=&#8221;yes&#8221;][vc_column][vc_custom_heading text=&#8221;DESPRE PROIECT&#8221; font_container=&#8221;tag:h3|text_align:left|color:%23424242&#8243; use_theme_fonts=&#8221;yes&#8221;][vc_empty_space][\/vc_column][vc_column width=&#8221;5\/12&#8243;][vc_column_text el_class=&#8221;text-just&#8221;]Proiectul \u201cMy life in Europe-a new Methodology to insert Your LIFE biography IN the EUROPE context\u201d \/ \u201eVia\u021ba mea \u00een Europa &#8211; o nou\u0103 metodologie pentru a introduce biografia VIE\u021aII tale \u00ceN contextul EUROPEAN\u201d e parte din...\" \/>\n<meta property=\"og:url\" content=\"https:\/\/www.mylifeineurope.nkey.it\/ro\/proiect\/\" \/>\n<meta property=\"og:site_name\" content=\"MY LIFE in EUROPE\" \/>\n<meta property=\"article:modified_time\" content=\"2021-07-19T08:41:01+00:00\" \/>\n<meta property=\"og:image\" content=\"https:\/\/www.mylifeineurope.nkey.it\/wp-content\/uploads\/2021\/04\/slide-g_progetto-1.jpg\" \/>\n\t<meta property=\"og:image:width\" content=\"2000\" \/>\n\t<meta property=\"og:image:height\" content=\"576\" \/>\n\t<meta property=\"og:image:type\" content=\"image\/jpeg\" \/>\n<meta name=\"twitter:card\" content=\"summary_large_image\" \/>\n<meta name=\"twitter:label1\" content=\"Timp estimat pentru citire\" \/>\n\t<meta name=\"twitter:data1\" content=\"4 minute\" \/>\n<script type=\"application\/ld+json\" class=\"yoast-schema-graph\">{\"@context\":\"https:\/\/schema.org\",\"@graph\":[{\"@type\":\"WebSite\",\"@id\":\"https:\/\/www.mylifeineurope.nkey.it\/#website\",\"url\":\"https:\/\/www.mylifeineurope.nkey.it\/\",\"name\":\"MY LIFE in EUROPE\",\"description\":\"a new Methodology to insert Your LIFE biography IN the EUROPE context\",\"potentialAction\":[{\"@type\":\"SearchAction\",\"target\":{\"@type\":\"EntryPoint\",\"urlTemplate\":\"https:\/\/www.mylifeineurope.nkey.it\/?s={search_term_string}\"},\"query-input\":\"required name=search_term_string\"}],\"inLanguage\":\"ro-RO\"},{\"@type\":\"ImageObject\",\"inLanguage\":\"ro-RO\",\"@id\":\"https:\/\/www.mylifeineurope.nkey.it\/ro\/proiect\/#primaryimage\",\"url\":\"https:\/\/www.mylifeineurope.nkey.it\/wp-content\/uploads\/2021\/04\/slide-g_progetto-1.jpg\",\"contentUrl\":\"https:\/\/www.mylifeineurope.nkey.it\/wp-content\/uploads\/2021\/04\/slide-g_progetto-1.jpg\",\"width\":2000,\"height\":576},{\"@type\":\"WebPage\",\"@id\":\"https:\/\/www.mylifeineurope.nkey.it\/ro\/proiect\/#webpage\",\"url\":\"https:\/\/www.mylifeineurope.nkey.it\/ro\/proiect\/\",\"name\":\"Proiect - MY LIFE in EUROPE\",\"isPartOf\":{\"@id\":\"https:\/\/www.mylifeineurope.nkey.it\/#website\"},\"primaryImageOfPage\":{\"@id\":\"https:\/\/www.mylifeineurope.nkey.it\/ro\/proiect\/#primaryimage\"},\"datePublished\":\"2021-07-19T07:33:06+00:00\",\"dateModified\":\"2021-07-19T08:41:01+00:00\",\"breadcrumb\":{\"@id\":\"https:\/\/www.mylifeineurope.nkey.it\/ro\/proiect\/#breadcrumb\"},\"inLanguage\":\"ro-RO\",\"potentialAction\":[{\"@type\":\"ReadAction\",\"target\":[\"https:\/\/www.mylifeineurope.nkey.it\/ro\/proiect\/\"]}]},{\"@type\":\"BreadcrumbList\",\"@id\":\"https:\/\/www.mylifeineurope.nkey.it\/ro\/proiect\/#breadcrumb\",\"itemListElement\":[{\"@type\":\"ListItem\",\"position\":1,\"name\":\"Home\",\"item\":\"https:\/\/www.mylifeineurope.nkey.it\/ro\/\"},{\"@type\":\"ListItem\",\"position\":2,\"name\":\"Proiect\"}]}]}<\/script>\n<!-- \/ Yoast SEO plugin. -->","yoast_head_json":{"title":"Proiect - MY LIFE in EUROPE","robots":{"index":"index","follow":"follow","max-snippet":"max-snippet:-1","max-image-preview":"max-image-preview:large","max-video-preview":"max-video-preview:-1"},"canonical":"https:\/\/www.mylifeineurope.nkey.it\/ro\/proiect\/","og_locale":"ro_RO","og_type":"article","og_title":"Proiect - MY LIFE in EUROPE","og_description":"[vc_row full_width=&#8221;stretch_row_content_no_spaces&#8221;][vc_column][\/vc_column][\/vc_row][vc_section][vc_row equal_height=&#8221;yes&#8221;][vc_column][vc_custom_heading text=&#8221;DESPRE PROIECT&#8221; font_container=&#8221;tag:h3|text_align:left|color:%23424242&#8243; use_theme_fonts=&#8221;yes&#8221;][vc_empty_space][\/vc_column][vc_column width=&#8221;5\/12&#8243;][vc_column_text el_class=&#8221;text-just&#8221;]Proiectul \u201cMy life in Europe-a new Methodology to insert Your LIFE biography IN the EUROPE context\u201d \/ \u201eVia\u021ba mea \u00een Europa &#8211; o nou\u0103 metodologie pentru a introduce biografia VIE\u021aII tale \u00ceN contextul EUROPEAN\u201d e parte din...","og_url":"https:\/\/www.mylifeineurope.nkey.it\/ro\/proiect\/","og_site_name":"MY LIFE in EUROPE","article_modified_time":"2021-07-19T08:41:01+00:00","og_image":[{"width":2000,"height":576,"url":"https:\/\/www.mylifeineurope.nkey.it\/wp-content\/uploads\/2021\/04\/slide-g_progetto-1.jpg","type":"image\/jpeg"}],"twitter_card":"summary_large_image","twitter_misc":{"Timp estimat pentru citire":"4 minute"},"schema":{"@context":"https:\/\/schema.org","@graph":[{"@type":"WebSite","@id":"https:\/\/www.mylifeineurope.nkey.it\/#website","url":"https:\/\/www.mylifeineurope.nkey.it\/","name":"MY LIFE in EUROPE","description":"a new Methodology to insert Your LIFE biography IN the EUROPE context","potentialAction":[{"@type":"SearchAction","target":{"@type":"EntryPoint","urlTemplate":"https:\/\/www.mylifeineurope.nkey.it\/?s={search_term_string}"},"query-input":"required name=search_term_string"}],"inLanguage":"ro-RO"},{"@type":"ImageObject","inLanguage":"ro-RO","@id":"https:\/\/www.mylifeineurope.nkey.it\/ro\/proiect\/#primaryimage","url":"https:\/\/www.mylifeineurope.nkey.it\/wp-content\/uploads\/2021\/04\/slide-g_progetto-1.jpg","contentUrl":"https:\/\/www.mylifeineurope.nkey.it\/wp-content\/uploads\/2021\/04\/slide-g_progetto-1.jpg","width":2000,"height":576},{"@type":"WebPage","@id":"https:\/\/www.mylifeineurope.nkey.it\/ro\/proiect\/#webpage","url":"https:\/\/www.mylifeineurope.nkey.it\/ro\/proiect\/","name":"Proiect - MY LIFE in EUROPE","isPartOf":{"@id":"https:\/\/www.mylifeineurope.nkey.it\/#website"},"primaryImageOfPage":{"@id":"https:\/\/www.mylifeineurope.nkey.it\/ro\/proiect\/#primaryimage"},"datePublished":"2021-07-19T07:33:06+00:00","dateModified":"2021-07-19T08:41:01+00:00","breadcrumb":{"@id":"https:\/\/www.mylifeineurope.nkey.it\/ro\/proiect\/#breadcrumb"},"inLanguage":"ro-RO","potentialAction":[{"@type":"ReadAction","target":["https:\/\/www.mylifeineurope.nkey.it\/ro\/proiect\/"]}]},{"@type":"BreadcrumbList","@id":"https:\/\/www.mylifeineurope.nkey.it\/ro\/proiect\/#breadcrumb","itemListElement":[{"@type":"ListItem","position":1,"name":"Home","item":"https:\/\/www.mylifeineurope.nkey.it\/ro\/"},{"@type":"ListItem","position":2,"name":"Proiect"}]}]}},"_links":{"self":[{"href":"https:\/\/www.mylifeineurope.nkey.it\/ro\/wp-json\/wp\/v2\/pages\/3727"}],"collection":[{"href":"https:\/\/www.mylifeineurope.nkey.it\/ro\/wp-json\/wp\/v2\/pages"}],"about":[{"href":"https:\/\/www.mylifeineurope.nkey.it\/ro\/wp-json\/wp\/v2\/types\/page"}],"author":[{"embeddable":true,"href":"https:\/\/www.mylifeineurope.nkey.it\/ro\/wp-json\/wp\/v2\/users\/5"}],"replies":[{"embeddable":true,"href":"https:\/\/www.mylifeineurope.nkey.it\/ro\/wp-json\/wp\/v2\/comments?post=3727"}],"version-history":[{"count":5,"href":"https:\/\/www.mylifeineurope.nkey.it\/ro\/wp-json\/wp\/v2\/pages\/3727\/revisions"}],"predecessor-version":[{"id":3799,"href":"https:\/\/www.mylifeineurope.nkey.it\/ro\/wp-json\/wp\/v2\/pages\/3727\/revisions\/3799"}],"wp:featuredmedia":[{"embeddable":true,"href":"https:\/\/www.mylifeineurope.nkey.it\/ro\/wp-json\/wp\/v2\/media\/3734"}],"wp:attachment":[{"href":"https:\/\/www.mylifeineurope.nkey.it\/ro\/wp-json\/wp\/v2\/media?parent=3727"}],"curies":[{"name":"wp","href":"https:\/\/api.w.org\/{rel}","templated":true}]}}