{"id":3205,"date":"2021-04-13T08:43:44","date_gmt":"2021-04-13T08:43:44","guid":{"rendered":"https:\/\/mylifeineurope.nkey.it\/?page_id=3205"},"modified":"2021-05-13T08:31:26","modified_gmt":"2021-05-13T08:31:26","slug":"projeto","status":"publish","type":"page","link":"https:\/\/www.mylifeineurope.nkey.it\/pt-pt\/projeto\/","title":{"rendered":"PROJETO"},"content":{"rendered":"<p>[vc_row full_width=&#8221;stretch_row_content_no_spaces&#8221;][vc_column]\t\n\t\t<section class=\"page-title text-center\" style=\"background-image: url(https:\/\/www.mylifeineurope.nkey.it\/wp-content\/uploads\/2021\/04\/slide-g_progetto-1.jpg);\">\n\t\t\t<div class=\"container relative clearfix\">\n\t\t\t\t<div class=\"title-holder\">\n\t\t\t\t\t<div class=\"title-text\">\n\t\t\t\t\t\t<h1 class=\"uppercase entry-title titolo-nero\">PROJETO<\/h1>\n\t\t\t\t\t\t\t\t\t\t\t<\/div>\n\t\t\t\t<\/div>\n\t\t\t<\/div>\n\t\t<\/section><!-- end page title -->\n\t\t\n\t[\/vc_column][\/vc_row][vc_section][vc_row equal_height=&#8221;yes&#8221;][vc_column][vc_custom_heading text=&#8221;BIOGRAFIA DO PROJETO&#8221; font_container=&#8221;tag:h3|text_align:left|color:%23424242&#8243; use_theme_fonts=&#8221;yes&#8221;][vc_empty_space][\/vc_column][vc_column width=&#8221;1\/2&#8243;][vc_column_text el_class=&#8221;text-just&#8221;]<span style=\"font-weight: 400;\"><strong>\u201cMy life in Europe-a new Methodology to insert Your LIFE biography IN the EUROPE context\u201d<\/strong> faz parte do programa Erasmus+ para a inova\u00e7\u00e3o e o interc\u00e2mbio de boas pr\u00e1ticas, respondendo \u00e0s necessidades da CE para alargar e desenvolver as compet\u00eancias dos educadores e outro pessoal que apoia os adult learners, fornecendo instrumentos tecnol\u00f3gicos inovadores capazes de apoiar a aprendizagem e a forma\u00e7\u00e3o ao longo da vida, aumentando a sensibiliza\u00e7\u00e3o para a identidade europeia e auxiliando no bem-estar psicof\u00edsico dos seus cidad\u00e3os, especialmente dos grupos mais fracos (Pol\u00edtica europeia de sa\u00fade e bem-estar 2020).<\/span>[\/vc_column_text][\/vc_column][vc_column width=&#8221;1\/2&#8243;][vc_column_text el_class=&#8221;text-just&#8221;]<span style=\"font-weight: 400;\">O projeto baseia-se em duas provas cientificamente comprovadas: <\/span><\/p>\n<p><span style=\"font-weight: 400;\">o <strong>valor terap\u00eautico, social e cultural da autobiografia<\/strong> como instrumento capaz de estimular a mem\u00f3ria em doentes com d\u00e9fices, promovendo a inclus\u00e3o social, o interc\u00e2mbio intercultural e intergeracional e atenuando o sentimento de solid\u00e3o e abandono ; <\/span><\/p>\n<p><span style=\"font-weight: 400;\">e <strong>os efeitos ben\u00e9ficos que os jogos de v\u00eddeo e as atividades online<\/strong> t\u00eam sobre o funcionamento cognitivo dos idosos (Kyriazis-Kiourti 2018).<\/span>[\/vc_column_text][\/vc_column][\/vc_row][vc_row equal_height=&#8221;yes&#8221;][vc_column][vc_custom_heading text=&#8221;COMO NASCEU ESTE PROJETO&#8221; font_container=&#8221;tag:h3|text_align:left|color:%23424242&#8243; use_theme_fonts=&#8221;yes&#8221;][vc_empty_space][\/vc_column][vc_column width=&#8221;1\/3&#8243;][vc_column_text el_class=&#8221;text-just&#8221;]<span style=\"font-weight: 400;\">O projeto inspira-se &#8211; para al\u00e9m de estudos e investiga\u00e7\u00e3o espec\u00edficos &#8211; sobretudo numa experi\u00eancia realizada no \u00e2mbito da RSA (Health Residence) &#8220;G. Meacci&#8221;, gerida pelo Munic\u00edpio de S. Croce sull&#8217;Arno (Pisa), durante o qual operadores especializados recolheram as hist\u00f3rias de vida dos idosos.<\/span>[\/vc_column_text][\/vc_column][vc_column width=&#8221;1\/3&#8243;][vc_column_text el_class=&#8221;text-just&#8221;]<span style=\"font-weight: 400;\">A atividade foi inicialmente determinada como recreativa, no entanto, mostrou-se ser terap\u00eautica e curativa devido \u00e0 participa\u00e7\u00e3o entusi\u00e1stica dos participantes ao convite para escrever sobre si mesmos, expondo como a escrita autobiogr\u00e1fica pode estimular a mem\u00f3ria, recriar la\u00e7os emocionais, ajudar a socializa\u00e7\u00e3o, o interc\u00e2mbio intergeracional e intercultural.<\/span>[\/vc_column_text][\/vc_column][vc_column width=&#8221;1\/3&#8243;][vc_column_text el_class=&#8221;text-just&#8221;]<span style=\"font-weight: 400;\">A troca de experi\u00eancias que se seguiu deu origem \u00e0 ideia de um novo projeto em que a educa\u00e7\u00e3o de adultos, a sociologia, a psicologia e a did\u00e1tica se encontram com a tecnologia e com os novos meios que ela disponibiliza para oferecer aos educadores ferramentas inovadoras. Assim nasceu a ideia de criar um jogo que \u00e9 f\u00e1cil de usar e n\u00e3o requer a aquisi\u00e7\u00e3o de habilidades espec\u00edficas, \u00fatil para a introdu\u00e7\u00e3o de um projeto de escrita autobiogr\u00e1fica em qualquer caminho educacional n\u00e3o formal.<\/span>[\/vc_column_text][\/vc_column][\/vc_row][vc_row equal_height=&#8221;yes&#8221;][vc_column][vc_custom_heading text=&#8221;IDENTIDADE EUROPEIA&#8221; font_container=&#8221;tag:h3|text_align:left|color:%23424242&#8243; use_theme_fonts=&#8221;yes&#8221;][vc_empty_space][\/vc_column][vc_column width=&#8221;1\/2&#8243;][vc_column_text el_class=&#8221;text-just&#8221;]<span style=\"font-weight: 400;\">O projeto, que sem d\u00favida tem um valor cultural, educativo, social e terap\u00eautico, ter\u00e1 tamb\u00e9m um forte valor intercultural: uma s\u00e9rie especial de &#8220;Sou Europeu?&#8221; que dar\u00e1 aos jogadores e formadores a oportunidade de criar &#8220;partidas&#8221; e ver quantos outros jogadores em toda a Europa tiveram a mesma experi\u00eancia ou sentimento de descobrir que afinal n\u00e3o somos assim t\u00e3o diferentes, muito pelo contr\u00e1rio.<\/span><\/p>\n<p><span style=\"font-weight: 400;\">Al\u00e9m disso, todas as autobiografias recolhidas nos v\u00e1rios pa\u00edses da UE representar\u00e3o um precioso arquivo de mem\u00f3rias europeias: um reposit\u00f3rio de hist\u00f3rias individuais pertencentes a todos<\/span>[\/vc_column_text][\/vc_column][vc_column width=&#8221;1\/2&#8243;][vc_column_text el_class=&#8221;text-just&#8221;]<span style=\"font-weight: 400;\">O contributo dos parceiros estrangeiros ser\u00e1 fundamental tanto na conce\u00e7\u00e3o como na fase de ensaio. O objetivo \u00e9 criar um produto que tenha um valor &#8220;universal&#8221; e o ponto de vista de parceiros de diferentes culturas e h\u00e1bitos \u00e9 fundamental na busca de todos os est\u00edmulos (cart\u00f5es de jogo) que devem ter um valor &#8220;universal&#8221; e n\u00e3o &#8220;nacional&#8221;. A busca por &#8220;estimuladores de mem\u00f3ria universal&#8221; correria o risco de falhar se fosse conduzida do ponto de vista &#8220;monocultural&#8221;. Ainda mais importante ser\u00e1 a sua contribui\u00e7\u00e3o para a fase de teste do jogo, onde pontos de vista culturalmente diferentes ser\u00e3o fundamentais. Por \u00faltimo, o apoio de parceiros de diferentes pa\u00edses ser\u00e1 essencial para uma divulga\u00e7\u00e3o otimizada.<\/span>[\/vc_column_text][\/vc_column][\/vc_row][vc_row equal_height=&#8221;yes&#8221;][vc_column][vc_custom_heading text=&#8221;RESULTADOS ESPERADOS&#8221; font_container=&#8221;tag:h3|text_align:left|color:%23424242&#8243; use_theme_fonts=&#8221;yes&#8221;][vc_empty_space][\/vc_column][vc_column]\n\t\t<div class=\"text-just toggle\">\n\t\t\n\t\t\t<div class=\"acc-panel\">\n\t\t\t\t<a href=\"#\">O JOGO<\/a>\n\t\t\t<\/div>\n\t\t\t\n\t\t\t<div class=\"panel-content\"><span style=\"font-weight: 400;\"><a href=\"\/pt-pt\/jogo\">O jogo<\/a>, que pode ser inserido entre os chamados &#8220;jogos s\u00e9rios&#8221;, ou a \u00faltima gera\u00e7\u00e3o de jogos digitais projetados para fins educativos no contexto da educa\u00e7\u00e3o de adultos com vista \u00e0 aprendizagem ao longo da vida e, mais especificamente, de \u201caprender ao fazer\u201d, ser\u00e1 uma aplica\u00e7\u00e3o web, para download offline em smartphone ou PC, atrav\u00e9s do qual qualquer educador pode usar a t\u00e9cnica de escrita autobiogr\u00e1fica de uma forma f\u00e1cil e divertida, como um caminho \u00fatil em programas terap\u00eauticos, reabilitativos e recreativos.<\/span><\/p>\n<p>Il gioco \u00e8 progettato in modo tale da poter essere utilizzato sia individualmente che in gruppo, senza alcuna limitazione nel numero di partecipanti: ai \u201cgiocatori\u201d vengono offerti innumerevoli stimoli emotivi sotto forma di immagini, suoni e odori, che si trasformano in \u201cracconti\u201d.<\/div>\n\t\t\n\t\t<\/div>\n\t\n\t\t<div class=\"text-just toggle\">\n\t\t\n\t\t\t<div class=\"acc-panel\">\n\t\t\t\t<a href=\"#\">O MANUAL<\/a>\n\t\t\t<\/div>\n\t\t\t\n\t\t\t<div class=\"panel-content\"><span style=\"font-weight: 400;\">O projeto prev\u00ea ainda a implementa\u00e7\u00e3o de um <a href=\"\/pt-pt\/manual\">manual<\/a> para formadores chamado &#8220;A experi\u00eancia autobiogr\u00e1fica: o Manual&#8221;, que permitir\u00e1 a cria\u00e7\u00e3o de cursos de forma\u00e7\u00e3o repet\u00edveis.<\/span><\/div>\n\t\t\n\t\t<\/div>\n\t[\/vc_column][\/vc_row][\/vc_section][vc_section full_width=&#8221;stretch_row&#8221; css=&#8221;.vc_custom_1616759458908{background-color: #f7f7f7 !important;}&#8221;][vc_row][vc_column][vc_custom_heading text=&#8221;SEGUE-NOS&#8221; font_container=&#8221;tag:h2|text_align:center|color:%233d3d3d&#8221; use_theme_fonts=&#8221;yes&#8221;][vc_empty_space height=&#8221;22px&#8221;][vc_raw_html]JTNDcCUyMHN0eWxlJTNEJTIydGV4dC1hbGlnbiUzQWNlbnRlciUzQiUyMiUzRUR1cmFudGUlMjBvJTIwcHJvamV0byUyMHBvZGVyJUMzJUExJTIwYWNvbXBhbmhhciUyMHRvZGFzJTIwYXMlMjBmYXNlcyUyMGRvJTIwdHJhYmFsaG8lMjBuZXN0YSUyMHNlYyVDMyVBNyVDMyVBM28lM0MlMkZwJTNF[\/vc_raw_html][vc_empty_space height=&#8221;22px&#8221;][vc_separator color=&#8221;custom&#8221; border_width=&#8221;5&#8243; el_width=&#8221;10&#8243; accent_color=&#8221;#dd3333&#8243;][vc_empty_space height=&#8221;42px&#8221;][vc_basic_grid post_type=&#8221;post&#8221; max_items=&#8221;3&#8243; item=&#8221;2537&#8243; grid_id=&#8221;vc_gid:1620894614349-282a7531-db61-10&#8243; taxonomies=&#8221;68&#8243;][vc_raw_html]JTNDZGl2JTIwY2xhc3MlM0QlMjJjdGEtYnV0dG9ucyUyMG10LTMwJTIyJTIwc3R5bGUlM0QlMjJ0ZXh0LWFsaWduJTNBJTIwY2VudGVyJTNCJTIyJTNFJTNDYSUyMGNsYXNzJTNEJTIyYnRuJTIwYnRuLWxnJTIwYnRuLWNvbG9yJTIyJTIwaHJlZiUzRCUyMiUyRnB0LXB0JTJGc3RlcHMlMkYlMjIlM0UlM0NzcGFuJTNFU1RFUCUzQyUyRnNwYW4lM0UlM0MlMkZhJTNFJTNDJTJGZGl2JTNF[\/vc_raw_html][\/vc_column][\/vc_row][\/vc_section]<\/p>\n<div class=\"clearfix\"><\/div>","protected":false},"excerpt":{"rendered":"<p>[vc_row full_width=&#8221;stretch_row_content_no_spaces&#8221;][vc_column][\/vc_column][\/vc_row][vc_section][vc_row equal_height=&#8221;yes&#8221;][vc_column][vc_custom_heading text=&#8221;BIOGRAFIA DO PROJETO&#8221; font_container=&#8221;tag:h3|text_align:left|color:%23424242&#8243; use_theme_fonts=&#8221;yes&#8221;][vc_empty_space][\/vc_column][vc_column width=&#8221;1\/2&#8243;][vc_column_text el_class=&#8221;text-just&#8221;]\u201cMy life in Europe-a new Methodology to insert Your LIFE biography IN the EUROPE context\u201d faz parte do programa Erasmus+ para a inova\u00e7\u00e3o e o interc\u00e2mbio de boas pr\u00e1ticas, respondendo \u00e0s necessidades da CE para alargar&#8230;<\/p>\n","protected":false},"author":5,"featured_media":3402,"parent":0,"menu_order":0,"comment_status":"closed","ping_status":"closed","template":"","meta":[],"acf":[],"yoast_head":"<!-- This site is optimized with the Yoast SEO plugin v18.7 - https:\/\/yoast.com\/wordpress\/plugins\/seo\/ -->\n<title>PROJETO - MY LIFE in EUROPE<\/title>\n<meta name=\"robots\" content=\"index, follow, max-snippet:-1, max-image-preview:large, max-video-preview:-1\" \/>\n<link rel=\"canonical\" href=\"https:\/\/www.mylifeineurope.nkey.it\/pt-pt\/projeto\/\" \/>\n<meta property=\"og:locale\" content=\"pt_PT\" \/>\n<meta property=\"og:type\" content=\"article\" \/>\n<meta property=\"og:title\" content=\"PROJETO - MY LIFE in EUROPE\" \/>\n<meta property=\"og:description\" content=\"[vc_row full_width=&#8221;stretch_row_content_no_spaces&#8221;][vc_column][\/vc_column][\/vc_row][vc_section][vc_row equal_height=&#8221;yes&#8221;][vc_column][vc_custom_heading text=&#8221;BIOGRAFIA DO PROJETO&#8221; font_container=&#8221;tag:h3|text_align:left|color:%23424242&#8243; use_theme_fonts=&#8221;yes&#8221;][vc_empty_space][\/vc_column][vc_column width=&#8221;1\/2&#8243;][vc_column_text el_class=&#8221;text-just&#8221;]\u201cMy life in Europe-a new Methodology to insert Your LIFE biography IN the EUROPE context\u201d faz parte do programa Erasmus+ para a inova\u00e7\u00e3o e o interc\u00e2mbio de boas pr\u00e1ticas, respondendo \u00e0s necessidades da CE para alargar...\" \/>\n<meta property=\"og:url\" content=\"https:\/\/www.mylifeineurope.nkey.it\/pt-pt\/projeto\/\" \/>\n<meta property=\"og:site_name\" content=\"MY LIFE in EUROPE\" \/>\n<meta property=\"article:modified_time\" content=\"2021-05-13T08:31:26+00:00\" \/>\n<meta property=\"og:image\" content=\"https:\/\/www.mylifeineurope.nkey.it\/wp-content\/uploads\/2021\/04\/slide-g_progetto-1.jpg\" \/>\n\t<meta property=\"og:image:width\" content=\"2000\" \/>\n\t<meta property=\"og:image:height\" content=\"576\" \/>\n\t<meta property=\"og:image:type\" content=\"image\/jpeg\" \/>\n<meta name=\"twitter:card\" content=\"summary_large_image\" \/>\n<meta name=\"twitter:label1\" content=\"Tempo estimado de leitura\" \/>\n\t<meta name=\"twitter:data1\" content=\"4 minutos\" \/>\n<script type=\"application\/ld+json\" class=\"yoast-schema-graph\">{\"@context\":\"https:\/\/schema.org\",\"@graph\":[{\"@type\":\"WebSite\",\"@id\":\"https:\/\/www.mylifeineurope.nkey.it\/#website\",\"url\":\"https:\/\/www.mylifeineurope.nkey.it\/\",\"name\":\"MY LIFE in EUROPE\",\"description\":\"a new Methodology to insert Your LIFE biography IN the EUROPE context\",\"potentialAction\":[{\"@type\":\"SearchAction\",\"target\":{\"@type\":\"EntryPoint\",\"urlTemplate\":\"https:\/\/www.mylifeineurope.nkey.it\/?s={search_term_string}\"},\"query-input\":\"required name=search_term_string\"}],\"inLanguage\":\"pt-PT\"},{\"@type\":\"ImageObject\",\"inLanguage\":\"pt-PT\",\"@id\":\"https:\/\/www.mylifeineurope.nkey.it\/pt-pt\/projeto\/#primaryimage\",\"url\":\"https:\/\/www.mylifeineurope.nkey.it\/wp-content\/uploads\/2021\/04\/slide-g_progetto-1.jpg\",\"contentUrl\":\"https:\/\/www.mylifeineurope.nkey.it\/wp-content\/uploads\/2021\/04\/slide-g_progetto-1.jpg\",\"width\":2000,\"height\":576},{\"@type\":\"WebPage\",\"@id\":\"https:\/\/www.mylifeineurope.nkey.it\/pt-pt\/projeto\/#webpage\",\"url\":\"https:\/\/www.mylifeineurope.nkey.it\/pt-pt\/projeto\/\",\"name\":\"PROJETO - MY LIFE in EUROPE\",\"isPartOf\":{\"@id\":\"https:\/\/www.mylifeineurope.nkey.it\/#website\"},\"primaryImageOfPage\":{\"@id\":\"https:\/\/www.mylifeineurope.nkey.it\/pt-pt\/projeto\/#primaryimage\"},\"datePublished\":\"2021-04-13T08:43:44+00:00\",\"dateModified\":\"2021-05-13T08:31:26+00:00\",\"breadcrumb\":{\"@id\":\"https:\/\/www.mylifeineurope.nkey.it\/pt-pt\/projeto\/#breadcrumb\"},\"inLanguage\":\"pt-PT\",\"potentialAction\":[{\"@type\":\"ReadAction\",\"target\":[\"https:\/\/www.mylifeineurope.nkey.it\/pt-pt\/projeto\/\"]}]},{\"@type\":\"BreadcrumbList\",\"@id\":\"https:\/\/www.mylifeineurope.nkey.it\/pt-pt\/projeto\/#breadcrumb\",\"itemListElement\":[{\"@type\":\"ListItem\",\"position\":1,\"name\":\"Home\",\"item\":\"https:\/\/www.mylifeineurope.nkey.it\/pt-pt\/\"},{\"@type\":\"ListItem\",\"position\":2,\"name\":\"PROJETO\"}]}]}<\/script>\n<!-- \/ Yoast SEO plugin. -->","yoast_head_json":{"title":"PROJETO - MY LIFE in EUROPE","robots":{"index":"index","follow":"follow","max-snippet":"max-snippet:-1","max-image-preview":"max-image-preview:large","max-video-preview":"max-video-preview:-1"},"canonical":"https:\/\/www.mylifeineurope.nkey.it\/pt-pt\/projeto\/","og_locale":"pt_PT","og_type":"article","og_title":"PROJETO - MY LIFE in EUROPE","og_description":"[vc_row full_width=&#8221;stretch_row_content_no_spaces&#8221;][vc_column][\/vc_column][\/vc_row][vc_section][vc_row equal_height=&#8221;yes&#8221;][vc_column][vc_custom_heading text=&#8221;BIOGRAFIA DO PROJETO&#8221; font_container=&#8221;tag:h3|text_align:left|color:%23424242&#8243; use_theme_fonts=&#8221;yes&#8221;][vc_empty_space][\/vc_column][vc_column width=&#8221;1\/2&#8243;][vc_column_text el_class=&#8221;text-just&#8221;]\u201cMy life in Europe-a new Methodology to insert Your LIFE biography IN the EUROPE context\u201d faz parte do programa Erasmus+ para a inova\u00e7\u00e3o e o interc\u00e2mbio de boas pr\u00e1ticas, respondendo \u00e0s necessidades da CE para alargar...","og_url":"https:\/\/www.mylifeineurope.nkey.it\/pt-pt\/projeto\/","og_site_name":"MY LIFE in EUROPE","article_modified_time":"2021-05-13T08:31:26+00:00","og_image":[{"width":2000,"height":576,"url":"https:\/\/www.mylifeineurope.nkey.it\/wp-content\/uploads\/2021\/04\/slide-g_progetto-1.jpg","type":"image\/jpeg"}],"twitter_card":"summary_large_image","twitter_misc":{"Tempo estimado de leitura":"4 minutos"},"schema":{"@context":"https:\/\/schema.org","@graph":[{"@type":"WebSite","@id":"https:\/\/www.mylifeineurope.nkey.it\/#website","url":"https:\/\/www.mylifeineurope.nkey.it\/","name":"MY LIFE in EUROPE","description":"a new Methodology to insert Your LIFE biography IN the EUROPE context","potentialAction":[{"@type":"SearchAction","target":{"@type":"EntryPoint","urlTemplate":"https:\/\/www.mylifeineurope.nkey.it\/?s={search_term_string}"},"query-input":"required name=search_term_string"}],"inLanguage":"pt-PT"},{"@type":"ImageObject","inLanguage":"pt-PT","@id":"https:\/\/www.mylifeineurope.nkey.it\/pt-pt\/projeto\/#primaryimage","url":"https:\/\/www.mylifeineurope.nkey.it\/wp-content\/uploads\/2021\/04\/slide-g_progetto-1.jpg","contentUrl":"https:\/\/www.mylifeineurope.nkey.it\/wp-content\/uploads\/2021\/04\/slide-g_progetto-1.jpg","width":2000,"height":576},{"@type":"WebPage","@id":"https:\/\/www.mylifeineurope.nkey.it\/pt-pt\/projeto\/#webpage","url":"https:\/\/www.mylifeineurope.nkey.it\/pt-pt\/projeto\/","name":"PROJETO - MY LIFE in EUROPE","isPartOf":{"@id":"https:\/\/www.mylifeineurope.nkey.it\/#website"},"primaryImageOfPage":{"@id":"https:\/\/www.mylifeineurope.nkey.it\/pt-pt\/projeto\/#primaryimage"},"datePublished":"2021-04-13T08:43:44+00:00","dateModified":"2021-05-13T08:31:26+00:00","breadcrumb":{"@id":"https:\/\/www.mylifeineurope.nkey.it\/pt-pt\/projeto\/#breadcrumb"},"inLanguage":"pt-PT","potentialAction":[{"@type":"ReadAction","target":["https:\/\/www.mylifeineurope.nkey.it\/pt-pt\/projeto\/"]}]},{"@type":"BreadcrumbList","@id":"https:\/\/www.mylifeineurope.nkey.it\/pt-pt\/projeto\/#breadcrumb","itemListElement":[{"@type":"ListItem","position":1,"name":"Home","item":"https:\/\/www.mylifeineurope.nkey.it\/pt-pt\/"},{"@type":"ListItem","position":2,"name":"PROJETO"}]}]}},"_links":{"self":[{"href":"https:\/\/www.mylifeineurope.nkey.it\/pt-pt\/wp-json\/wp\/v2\/pages\/3205"}],"collection":[{"href":"https:\/\/www.mylifeineurope.nkey.it\/pt-pt\/wp-json\/wp\/v2\/pages"}],"about":[{"href":"https:\/\/www.mylifeineurope.nkey.it\/pt-pt\/wp-json\/wp\/v2\/types\/page"}],"author":[{"embeddable":true,"href":"https:\/\/www.mylifeineurope.nkey.it\/pt-pt\/wp-json\/wp\/v2\/users\/5"}],"replies":[{"embeddable":true,"href":"https:\/\/www.mylifeineurope.nkey.it\/pt-pt\/wp-json\/wp\/v2\/comments?post=3205"}],"version-history":[{"count":6,"href":"https:\/\/www.mylifeineurope.nkey.it\/pt-pt\/wp-json\/wp\/v2\/pages\/3205\/revisions"}],"predecessor-version":[{"id":3609,"href":"https:\/\/www.mylifeineurope.nkey.it\/pt-pt\/wp-json\/wp\/v2\/pages\/3205\/revisions\/3609"}],"wp:featuredmedia":[{"embeddable":true,"href":"https:\/\/www.mylifeineurope.nkey.it\/pt-pt\/wp-json\/wp\/v2\/media\/3402"}],"wp:attachment":[{"href":"https:\/\/www.mylifeineurope.nkey.it\/pt-pt\/wp-json\/wp\/v2\/media?parent=3205"}],"curies":[{"name":"wp","href":"https:\/\/api.w.org\/{rel}","templated":true}]}}